{"id":6398,"date":"2020-11-30T12:43:11","date_gmt":"2020-11-30T10:43:11","guid":{"rendered":"https:\/\/clinicanasser.es\/?page_id=6398"},"modified":"2025-10-24T12:24:37","modified_gmt":"2025-10-24T10:24:37","slug":"conoce-al-equipo","status":"publish","type":"page","link":"https:\/\/clinicanasser.es\/it\/conoce-al-equipo\/","title":{"rendered":"Conosci il team"},"content":{"rendered":"<p>[vc_row][vc_column][vc_column_text]<style>\n    .bookly-btn-default {\n        padding: 9px 18px!important;\n        border: 1px solid #b1bbc4 !important;\n        min-width: 118px;\n        display: block;\n        text-align: center;\n        border-radius: 4px!important;\n        background-color: #fff;\n        cursor: pointer!important;\n        height: auto!important;\n        outline: none!important;\n        float: left;\n        width: auto;\n    }\n\n    .bookly-btn-default.bookly-btn-active {\n        border: 1px solid #217daa !important;\n        background-color: #217daa!important;\n    }\n\n    .bookly-btn-default:hover {\n        text-decoration: unset!important;\n    }\n\n    .bookly-btn-default, .bookly-btn-default > span {\n        color: #212529 !important;\n        font-size: 18px!important;\n        line-height: 17px!important;\n        font-weight: bold!important;\n        text-transform: uppercase!important;\n    }\n    .bookly-btn-default.bookly-btn-active > span {\n        color: #fff!important;\n    }\n<\/style>\n<div id=\"bookly-tbs\" class=\"bookly-js-cancellation-confirmation\">\n    <div class=\"bookly-js-cancellation-confirmation-buttons\">\n        <a href=\"https:\/\/clinicanasser.es\/wp-admin\/admin-ajax.php?action=bookly_cancel_appointment&token=\" class=\"bookly-btn-default\" style=\"margin-right: 12px\">\n            <span>Cancella prenotazione<\/span>\n        <\/a>\n        <a href=\"#\" class=\"bookly-js-cancellation-confirmation-no bookly-btn-default bookly-btn-active\">\n            <span>Mantieni prenotazione<\/span>\n        <\/a>\n    <\/div>\n    <div class=\"bookly-js-cancellation-confirmation-message bookly-row\" style=\"display: none\">\n        <p class=\"bookly-bold\">\n            Thank you for being with us        <\/p>\n    <\/div>\n<\/div>\n<script type=\"text\/javascript\">\n    var links = document.getElementsByClassName('bookly-js-cancellation-confirmation-no');\n    for (var i = 0; i < links.length; i++) {\n        if (links[i].onclick == undefined) {\n            links[i].onclick = function (e) {\n                e.preventDefault();\n                var container = this.closest('.bookly-js-cancellation-confirmation'),\n                    buttons = container.getElementsByClassName('bookly-js-cancellation-confirmation-buttons')[0],\n                    message = container.getElementsByClassName('bookly-js-cancellation-confirmation-message')[0];\n                buttons.style.display = 'none';\n                message.style.display = 'inline';\n            };\n        }\n    }\n<\/script>[\/vc_column_text][\/vc_column][\/vc_row][vc_row][vc_column][vc_column_text]<\/p>\n<p style=\"text-align: center;\"><span style=\"color: #ffffff;\">Conoce al equipo<\/span><\/p>\n<p>[\/vc_column_text][rev_slider_vc alias=&#8221;equipo_it&#8221;][\/vc_column][\/vc_row][vc_row css=&#8221;.vc_custom_1623404073624{margin-top: 50px !important;}&#8221; el_class=&#8221;centrarContenido&#8221;][vc_column width=&#8221;1\/3&#8243;][vc_empty_space height=&#8221;16px&#8221;][vc_single_image image=&#8221;6463&#8243; img_size=&#8221;full&#8221; alignment=&#8221;center&#8221;][vc_empty_space height=&#8221;16px&#8221;][vc_column_text]<\/p>\n<p style=\"text-align: center;\"><span style=\"color: #000000;\">DOTT. NASSER<\/span><\/p>\n<p>[\/vc_column_text][vc_empty_space height=&#8221;16px&#8221;][vc_separator][vc_empty_space height=&#8221;16px&#8221;][vc_column_text]<\/p>\n<p style=\"text-align: center;\"><span style=\"color: #000000;\"><strong>Direttore sanitario<\/strong><\/span><\/p>\n<p style=\"text-align: center;\"><span style=\"color: #000000;\">Medico laureato in medicina generale e chirurgia<\/span><br \/>\n<span style=\"color: #000000;\">Medico specializzato in anestesiologia, rianimazione e terapia del dolore<\/span><\/p>\n<p style=\"text-align: center;\"><span style=\"color: #000000;\">Scuola di Medicina di Saragozza<\/span><\/p>\n<p style=\"text-align: center;\"><span style=\"color: #000000;\">Collegiale n. 5.637<\/span><\/p>\n<p>[\/vc_column_text][vc_empty_space][\/vc_column][vc_column width=&#8221;1\/3&#8243;][vc_empty_space height=&#8221;16px&#8221;][vc_single_image image=&#8221;10407&#8243; img_size=&#8221;full&#8221; alignment=&#8221;center&#8221;][vc_empty_space height=&#8221;16px&#8221;][vc_column_text]<\/p>\n<p style=\"text-align: center;\"><span style=\"color: #000000;\">DTT. SAMI VAL<\/span><\/p>\n<p>[\/vc_column_text][vc_empty_space height=&#8221;16px&#8221;][vc_separator][vc_empty_space height=&#8221;16px&#8221;][vc_column_text]<\/p>\n<p style=\"text-align: center;\"><span style=\"color: #000000;\"><strong>Traumatologo<\/strong><\/span><\/p>\n<p style=\"text-align: center;\"><span style=\"color: #000000;\">Collegiale n. 13.625<\/span><\/p>\n<p>[\/vc_column_text][vc_empty_space][\/vc_column][vc_column width=&#8221;1\/3&#8243;][vc_empty_space height=&#8221;16px&#8221;][vc_single_image image=&#8221;10456&#8243; img_size=&#8221;full&#8221; alignment=&#8221;center&#8221;][vc_empty_space height=&#8221;16px&#8221;][vc_column_text]<\/p>\n<p style=\"text-align: center;\"><span style=\"color: #000000;\">DTT. DIEGO GARC\u00cdA GERM\u00c1N<\/span><\/p>\n<p>[\/vc_column_text][vc_empty_space height=&#8221;16px&#8221;][vc_separator][vc_empty_space height=&#8221;16px&#8221;][vc_column_text]<\/p>\n<p style=\"text-align: center;\"><span style=\"color: #000000;\"><strong>Specialista in Chirurgia Ortopedica e Traumatologia<\/strong><\/span><\/p>\n<p>[\/vc_column_text][vc_empty_space][\/vc_column][\/vc_row][vc_row css=&#8221;.vc_custom_1606811064582{margin-top: 50px !important;}&#8221; el_class=&#8221;centrarContenido&#8221;][vc_column width=&#8221;1\/3&#8243;][vc_empty_space height=&#8221;16px&#8221;][vc_single_image image=&#8221;6457&#8243; img_size=&#8221;full&#8221; alignment=&#8221;center&#8221;][vc_empty_space height=&#8221;16px&#8221;][vc_column_text]<\/p>\n<p style=\"text-align: center;\"><span style=\"color: #000000;\">SARAY VELILLA SANZ<\/span><\/p>\n<p>[\/vc_column_text][vc_empty_space height=&#8221;16px&#8221;][vc_separator][vc_empty_space height=&#8221;16px&#8221;][vc_column_text]<\/p>\n<p style=\"text-align: center;\"><span style=\"color: #000000;\"><strong>Responsabile e coordinatrice logistica<\/strong><\/span><\/p>\n<p style=\"text-align: center;\"><span style=\"color: #000000;\">Aiuto infermiera<\/span><\/p>\n<p>[\/vc_column_text][vc_empty_space height=&#8221;16px&#8221;][\/vc_column][vc_column width=&#8221;1\/3&#8243; css=&#8221;.vc_custom_1606753880560{background-color: #ffffff !important;}&#8221;][vc_empty_space height=&#8221;16px&#8221;][vc_single_image image=&#8221;6460&#8243; img_size=&#8221;full&#8221; alignment=&#8221;center&#8221;][vc_empty_space height=&#8221;16px&#8221;][vc_column_text]<\/p>\n<p style=\"text-align: center;\"><span style=\"color: #000000;\">M\u00d3NICA GIMENO G\u00d3MEZ<\/span><\/p>\n<p>[\/vc_column_text][vc_empty_space height=&#8221;16px&#8221;][vc_separator][vc_empty_space height=&#8221;16px&#8221;][vc_column_text]<\/p>\n<p style=\"text-align: center;\"><span style=\"color: #000000;\"><strong>Fisioterapista<\/strong><\/span><\/p>\n<p style=\"text-align: center;\"><span style=\"color: #000000;\">Laurea in fisioterapia e laurea in INEF<\/span><\/p>\n<p style=\"text-align: center;\"><span style=\"color: #000000;\">Scuola di Fisioterapia di Saragozza<\/span><\/p>\n<p style=\"text-align: center;\"><span style=\"color: #000000;\">Collegiale n. 1.956<\/span><\/p>\n<p>[\/vc_column_text][vc_empty_space height=&#8221;16px&#8221;][\/vc_column][vc_column width=&#8221;1\/3&#8243;][vc_empty_space height=&#8221;16px&#8221;][vc_single_image image=&#8221;10922&#8243; img_size=&#8221;full&#8221; alignment=&#8221;center&#8221;][vc_empty_space height=&#8221;16px&#8221;][vc_column_text]<\/p>\n<p style=\"text-align: center;\"><span style=\"color: #000000;\">MAIKA ETCHEVERRY<\/span><\/p>\n<p>[\/vc_column_text][vc_empty_space height=&#8221;16px&#8221;][vc_separator][vc_empty_space height=&#8221;16px&#8221;][vc_column_text]<\/p>\n<p style=\"text-align: center;\"><span style=\"color: #000000;\"><strong>Fisioterapista specialista in fitness<\/strong><\/span><\/p>\n<p style=\"text-align: center;\">Collegiale n\u00ba 2.454<\/p>\n<p>[\/vc_column_text][vc_empty_space][\/vc_column][\/vc_row][vc_row css=&#8221;.vc_custom_1606811064582{margin-top: 50px !important;}&#8221; el_class=&#8221;centrarContenido&#8221;][vc_column width=&#8221;1\/3&#8243; css=&#8221;.vc_custom_1606753880560{background-color: #ffffff !important;}&#8221;][vc_empty_space height=&#8221;16px&#8221;][vc_single_image image=&#8221;6458&#8243; img_size=&#8221;full&#8221; alignment=&#8221;center&#8221;][vc_empty_space height=&#8221;16px&#8221;][vc_column_text]<\/p>\n<p style=\"text-align: center;\"><span style=\"color: #000000;\">EDNA JULISSA FERN\u00c1NDEZ CARDONA<\/span><\/p>\n<p>[\/vc_column_text][vc_empty_space height=&#8221;16px&#8221;][vc_separator][vc_empty_space height=&#8221;16px&#8221;][vc_column_text]<\/p>\n<p style=\"text-align: center;\"><span style=\"color: #000000;\"><strong>Manutenzione e coordinamento<\/strong><\/span><\/p>\n<p style=\"text-align: center;\"><span style=\"color: #000000;\">Amministrativa<\/span><\/p>\n<p>[\/vc_column_text][vc_empty_space height=&#8221;16px&#8221;][\/vc_column][vc_column width=&#8221;1\/3&#8243;][vc_empty_space height=&#8221;16px&#8221;][vc_single_image image=&#8221;11450&#8243; img_size=&#8221;full&#8221; alignment=&#8221;center&#8221;][vc_empty_space height=&#8221;16px&#8221;][vc_column_text]<\/p>\n<p style=\"text-align: center;\"><span style=\"color: #000000;\">ARTURO GASPAR BELLO<\/span><\/p>\n<p>[\/vc_column_text][vc_empty_space height=&#8221;16px&#8221;][vc_separator][vc_empty_space height=&#8221;16px&#8221;][vc_column_text]<\/p>\n<p style=\"text-align: center;\"><span style=\"color: #000000;\"><strong>Fisioterapeuta<\/strong><\/span><\/p>\n<p style=\"text-align: center;\"><span style=\"color: #000000;\">Collegiado n. 2.552<\/span><\/p>\n<p>[\/vc_column_text][vc_empty_space height=&#8221;16px&#8221;][\/vc_column][vc_column width=&#8221;1\/3&#8243;][vc_empty_space height=&#8221;16px&#8221;][vc_single_image image=&#8221;11506&#8243; img_size=&#8221;full&#8221; alignment=&#8221;center&#8221;][vc_empty_space height=&#8221;16px&#8221;][vc_column_text]<\/p>\n<p style=\"text-align: center;\"><span style=\"color: #000000;\">MAR\u00cdA GONZ\u00c1LEZ<\/span><\/p>\n<p>[\/vc_column_text][vc_empty_space height=&#8221;16px&#8221;][vc_separator][vc_empty_space height=&#8221;16px&#8221;][vc_column_text]<\/p>\n<p style=\"text-align: center;\"><span style=\"color: #000000;\"><strong>Fisioterapeuta<\/strong><\/span><\/p>\n<p style=\"text-align: center;\"><span style=\"color: #000000;\">Collegiada n.<\/span><span style=\"color: #000000;\"> 2.548<\/span><\/p>\n<p>[\/vc_column_text][vc_empty_space][\/vc_column][\/vc_row][vc_row css=&#8221;.vc_custom_1701251164837{margin-top: 50px !important;}&#8221;][vc_column width=&#8221;1\/3&#8243;][\/vc_column][vc_column width=&#8221;1\/3&#8243;][\/vc_column][vc_column width=&#8221;1\/3&#8243;][\/vc_column][\/vc_row][vc_row disable_element=&#8221;yes&#8221; css=&#8221;.vc_custom_1701250566635{margin-top: 50px !important;}&#8221; el_class=&#8221;centrarContenido&#8221;][vc_column width=&#8221;1\/3&#8243;][vc_empty_space height=&#8221;16px&#8221;][vc_single_image image=&#8221;6459&#8243; img_size=&#8221;full&#8221; alignment=&#8221;center&#8221;][vc_empty_space height=&#8221;16px&#8221;][vc_column_text]<\/p>\n<p style=\"text-align: center;\"><span style=\"color: #000000;\">JAVIER LAHUERTA SAN\u00d3S<\/span><\/p>\n<p>[\/vc_column_text][vc_empty_space height=&#8221;16px&#8221;][vc_separator][vc_empty_space height=&#8221;16px&#8221;][vc_column_text]<\/p>\n<p style=\"text-align: center;\"><span style=\"color: #000000;\"><strong>Fisioterapista<\/strong><\/span><\/p>\n<p style=\"text-align: center;\"><span style=\"color: #000000;\">Laurea in fisioterapia<\/span><\/p>\n<p style=\"text-align: center;\"><span style=\"color: #000000;\">Scuola di Fisioterapia di Saragozza<\/span><\/p>\n<p style=\"text-align: center;\"><span style=\"color: #000000;\">Collegiale n. 2.050<\/span><\/p>\n<p>[\/vc_column_text][vc_empty_space][\/vc_column][vc_column width=&#8221;1\/3&#8243; offset=&#8221;vc_hidden-lg vc_hidden-md vc_hidden-sm vc_hidden-xs&#8221;][vc_empty_space height=&#8221;16px&#8221;][vc_empty_space height=&#8221;16px&#8221;][vc_empty_space height=&#8221;16px&#8221;][vc_empty_space height=&#8221;16px&#8221;][vc_empty_space][\/vc_column][vc_column width=&#8221;1\/3&#8243;][vc_empty_space height=&#8221;16px&#8221;][vc_single_image image=&#8221;8081&#8243; img_size=&#8221;full&#8221; alignment=&#8221;center&#8221;][vc_empty_space height=&#8221;16px&#8221;][vc_column_text]<\/p>\n<p style=\"text-align: center;\"><span style=\"color: #000000;\">IGNACIO A\u00cdSA BOROBIO<\/span><\/p>\n<p>[\/vc_column_text][vc_empty_space height=&#8221;16px&#8221;][vc_separator][vc_empty_space height=&#8221;16px&#8221;][vc_column_text]<\/p>\n<p style=\"text-align: center;\"><span style=\"color: #000000;\"><strong>Fisioterapista<\/strong><\/span><\/p>\n<p style=\"text-align: center;\"><span style=\"color: #000000;\">Laurea in fisioterapia<\/span><\/p>\n<p style=\"text-align: center;\"><span style=\"color: #000000;\">Scuola di Fisioterapia di Saragozza<\/span><\/p>\n<p style=\"text-align: center;\"><span style=\"color: #000000;\">Collegiale n. 2.214<\/span><\/p>\n<p>[\/vc_column_text][vc_empty_space][\/vc_column][\/vc_row][vc_row][vc_column][vc_empty_space][vc_column_text]<\/p>\n<h2 style=\"text-align: center;\">Conosci l&#8217;equipe di collaboratori<\/h2>\n<p>[\/vc_column_text][\/vc_column][\/vc_row][vc_row css=&#8221;.vc_custom_1606811072834{margin-top: 50px !important;}&#8221; el_class=&#8221;centrarContenido&#8221;][vc_column width=&#8221;1\/3&#8243; css=&#8221;.vc_custom_1606753880560{background-color: #ffffff !important;}&#8221;][vc_empty_space height=&#8221;16px&#8221;][vc_single_image image=&#8221;6455&#8243; img_size=&#8221;full&#8221; alignment=&#8221;center&#8221;][vc_empty_space height=&#8221;16px&#8221;][vc_column_text]<\/p>\n<p style=\"text-align: center;\"><span style=\"color: #000000;\">CARLOS CASTELLAR<\/span><\/p>\n<p>[\/vc_column_text][vc_empty_space height=&#8221;16px&#8221;][vc_separator][vc_empty_space height=&#8221;16px&#8221;][vc_column_text]<\/p>\n<p style=\"text-align: center;\">Dottore in scienze dell&#8217;attivit\u00e0 fisica e dello sport e allenatore nazionale di nuoto e triathlon<\/p>\n<p>[\/vc_column_text][vc_empty_space height=&#8221;16px&#8221;][\/vc_column][vc_column width=&#8221;1\/3&#8243;][vc_empty_space height=&#8221;16px&#8221;][vc_single_image image=&#8221;8629&#8243; img_size=&#8221;full&#8221; alignment=&#8221;center&#8221;][vc_empty_space height=&#8221;16px&#8221;][vc_column_text]<\/p>\n<p style=\"text-align: center;\">YASMINA GUERRERO JIMENEZ<\/p>\n<p style=\"text-align: center;\"><span style=\"color: #000000;\">YASMINA GUERRERO JIMENEZ<\/span><\/p>\n<p>[\/vc_column_text][vc_empty_space height=&#8221;16px&#8221;][vc_separator][vc_empty_space height=&#8221;16px&#8221;][vc_column_text]<\/p>\n<div>\n<div class=\"\">\n<div id=\"post_imx5ndcbnfnpzfb4mysh399mte\" class=\"a11y__section post same--user same--root \" tabindex=\"0\" role=\"listitem\" data-testid=\"postView\" aria-label=\"\" aria-atomic=\"true\">\n<div class=\"post__content \" role=\"application\" data-testid=\"postContent\" aria-hidden=\"true\">\n<div>\n<div>\n<div id=\"imx5ndcbnfnpzfb4mysh399mte_message\" class=\"post__body \">\n<div class=\"post-message post-message--collapsed\">\n<div class=\"post-message__text-container\">\n<div id=\"postMessageText_imx5ndcbnfnpzfb4mysh399mte\" class=\"post-message__text\" tabindex=\"0\" aria-readonly=\"true\">\n<p style=\"text-align: center;\"><span style=\"color: #000000;\"><strong>Infermiera<\/strong><\/span><\/p>\n<\/div>\n<\/div>\n<\/div>\n<\/div>\n<\/div>\n<\/div>\n<\/div>\n<\/div>\n<\/div>\n<\/div>\n<div style=\"text-align: center;\">\n<div class=\"\">\n<div id=\"post_ohm8kwuhctg8xn11g6xe5sj64w\" class=\"a11y__section post same--user same--root \" tabindex=\"0\" role=\"listitem\" data-testid=\"postView\" aria-label=\"\" aria-atomic=\"true\">\n<div class=\"post__content \" role=\"application\" data-testid=\"postContent\" aria-hidden=\"true\">\n<div id=\"ohm8kwuhctg8xn11g6xe5sj64w_message\" class=\"post__body \">\n<div class=\"post-message post-message--collapsed\">\n<div class=\"post-message__text-container\">\n<div id=\"postMessageText_ohm8kwuhctg8xn11g6xe5sj64w\" class=\"post-message__text\" tabindex=\"0\" aria-readonly=\"true\">\n<p>Scuola ufficiale di Infermeria di Saragozza<\/p>\n<\/div>\n<\/div>\n<\/div>\n<\/div>\n<\/div>\n<\/div>\n<\/div>\n<\/div>\n<div>\n<div class=\"\">\n<div id=\"post_89fhia5gn384ipxrbbxtcghoyc\" class=\"a11y__section post same--user same--root \" tabindex=\"0\" role=\"listitem\" data-testid=\"postView\" aria-label=\"maria_zesis escribi\u00f3, n\u00famero de colegiada 10.365, el martes, 1 de diciembre a las 10:05\" aria-atomic=\"true\">\n<div class=\"post__content \" role=\"application\" data-testid=\"postContent\" aria-hidden=\"true\">\n<div>\n<div>\n<div id=\"89fhia5gn384ipxrbbxtcghoyc_message\" class=\"post__body \">\n<div class=\"post-message post-message--collapsed\">\n<div class=\"post-message__text-container\">\n<div id=\"postMessageText_89fhia5gn384ipxrbbxtcghoyc\" class=\"post-message__text\" tabindex=\"0\" aria-readonly=\"true\">\n<p style=\"text-align: center;\"><span style=\"color: #000000;\">Collegiale n. 18.797<\/span><\/p>\n<\/div>\n<\/div>\n<\/div>\n<\/div>\n<\/div>\n<\/div>\n<\/div>\n<\/div>\n<\/div>\n<\/div>\n<p>[\/vc_column_text][vc_empty_space][\/vc_column][vc_column width=&#8221;1\/3&#8243;][vc_empty_space height=&#8221;16px&#8221;][vc_single_image image=&#8221;6464&#8243; img_size=&#8221;full&#8221; alignment=&#8221;center&#8221;][vc_empty_space height=&#8221;16px&#8221;][vc_column_text]<\/p>\n<p style=\"text-align: center;\"><span style=\"color: #000000;\">MARIA LUISA ORIVE ASENSIO<\/span><\/p>\n<p>[\/vc_column_text][vc_empty_space height=&#8221;16px&#8221;][vc_separator][vc_empty_space height=&#8221;16px&#8221;][vc_column_text]<\/p>\n<div>\n<div class=\"\">\n<div id=\"post_imx5ndcbnfnpzfb4mysh399mte\" class=\"a11y__section post same--user same--root \" tabindex=\"0\" role=\"listitem\" data-testid=\"postView\" aria-label=\"\" aria-atomic=\"true\">\n<div class=\"post__content \" role=\"application\" data-testid=\"postContent\" aria-hidden=\"true\">\n<div>\n<div>\n<div id=\"imx5ndcbnfnpzfb4mysh399mte_message\" class=\"post__body \">\n<div class=\"post-message post-message--collapsed\">\n<div class=\"post-message__text-container\">\n<div id=\"postMessageText_imx5ndcbnfnpzfb4mysh399mte\" class=\"post-message__text\" tabindex=\"0\" aria-readonly=\"true\">\n<div>\n<div class=\"\">\n<div id=\"post_imx5ndcbnfnpzfb4mysh399mte\" class=\"a11y__section post same--user same--root \" tabindex=\"0\" role=\"listitem\" data-testid=\"postView\" aria-label=\"\" aria-atomic=\"true\">\n<div class=\"post__content \" role=\"application\" data-testid=\"postContent\" aria-hidden=\"true\">\n<div>\n<div>\n<div id=\"imx5ndcbnfnpzfb4mysh399mte_message\" class=\"post__body \">\n<div class=\"post-message post-message--collapsed\">\n<div class=\"post-message__text-container\">\n<div id=\"postMessageText_imx5ndcbnfnpzfb4mysh399mte\" class=\"post-message__text\" tabindex=\"0\" aria-readonly=\"true\">\n<p style=\"text-align: center;\"><span style=\"color: #000000;\"><strong>Infermiera<\/strong><\/span><\/p>\n<\/div>\n<\/div>\n<\/div>\n<\/div>\n<\/div>\n<\/div>\n<\/div>\n<\/div>\n<\/div>\n<\/div>\n<div style=\"text-align: center;\">\n<div class=\"\">\n<div id=\"post_ohm8kwuhctg8xn11g6xe5sj64w\" class=\"a11y__section post same--user same--root \" tabindex=\"0\" role=\"listitem\" data-testid=\"postView\" aria-label=\"\" aria-atomic=\"true\">\n<div class=\"post__content \" role=\"application\" data-testid=\"postContent\" aria-hidden=\"true\">\n<div id=\"ohm8kwuhctg8xn11g6xe5sj64w_message\" class=\"post__body \">\n<div class=\"post-message post-message--collapsed\">\n<div class=\"post-message__text-container\">\n<div id=\"postMessageText_ohm8kwuhctg8xn11g6xe5sj64w\" class=\"post-message__text\" tabindex=\"0\" aria-readonly=\"true\">\n<p>Scuola ufficiale di Infermeria di Saragozza<\/p>\n<\/div>\n<\/div>\n<\/div>\n<\/div>\n<\/div>\n<\/div>\n<\/div>\n<\/div>\n<div>\n<div class=\"\">\n<div id=\"post_89fhia5gn384ipxrbbxtcghoyc\" class=\"a11y__section post same--user same--root \" tabindex=\"0\" role=\"listitem\" data-testid=\"postView\" aria-label=\"maria_zesis escribi\u00f3, n\u00famero de colegiada 10.365, el martes, 1 de diciembre a las 10:05\" aria-atomic=\"true\">\n<div class=\"post__content \" role=\"application\" data-testid=\"postContent\" aria-hidden=\"true\">\n<div>\n<div>\n<div id=\"89fhia5gn384ipxrbbxtcghoyc_message\" class=\"post__body \">\n<div class=\"post-message post-message--collapsed\">\n<div class=\"post-message__text-container\">\n<div id=\"postMessageText_89fhia5gn384ipxrbbxtcghoyc\" class=\"post-message__text\" tabindex=\"0\" aria-readonly=\"true\">\n<p style=\"text-align: center;\"><span style=\"color: #000000;\">Collegiale n. <\/span><span style=\"color: #000000;\">10.365<\/span><\/p>\n<\/div>\n<\/div>\n<\/div>\n<\/div>\n<\/div>\n<\/div>\n<\/div>\n<\/div>\n<\/div>\n<\/div>\n<\/div>\n<\/div>\n<\/div>\n<\/div>\n<\/div>\n<\/div>\n<\/div>\n<\/div>\n<\/div>\n<\/div>\n<p>[\/vc_column_text][vc_empty_space][\/vc_column][\/vc_row][vc_row css=&#8221;.vc_custom_1606811072834{margin-top: 50px !important;}&#8221; el_class=&#8221;centrarContenido&#8221;][vc_column width=&#8221;1\/3&#8243; css=&#8221;.vc_custom_1606753880560{background-color: #ffffff !important;}&#8221;][vc_single_image image=&#8221;7871&#8243; img_size=&#8221;full&#8221; alignment=&#8221;center&#8221;][vc_empty_space height=&#8221;16px&#8221;][vc_column_text]<\/p>\n<p style=\"text-align: center;\"><span style=\"color: #000000;\">SAGRARIO SAIZ<\/span><\/p>\n<p>[\/vc_column_text][vc_empty_space height=&#8221;16px&#8221;][vc_separator][vc_empty_space height=&#8221;16px&#8221;][vc_column_text]<\/p>\n<p style=\"text-align: center;\">Responsabile di coaching, controllo mentale e sofrologia<\/p>\n<p>[\/vc_column_text][vc_empty_space height=&#8221;16px&#8221;][\/vc_column][vc_column width=&#8221;1\/3&#8243;][vc_single_image image=&#8221;7839&#8243; img_size=&#8221;full&#8221; alignment=&#8221;center&#8221;][vc_empty_space height=&#8221;16px&#8221;][vc_column_text]<\/p>\n<p style=\"text-align: center;\"><span style=\"color: #000000;\">DR. ORIOL CAMERINO FOGUET<\/span><\/p>\n<p>[\/vc_column_text][vc_empty_space height=&#8221;16px&#8221;][vc_separator][vc_empty_space height=&#8221;16px&#8221;][vc_column_text]<\/p>\n<p style=\"text-align: center;\"><span style=\"color: #000000;\"><strong>Medico<\/strong><\/span><\/p>\n<p style=\"text-align: center;\"><span style=\"color: #000000;\">Laureato in Medicina e direttore dell&#8217;Unit\u00e0 di Medicina Integrativa della Clinica Nasser<\/span><\/p>\n<p>[\/vc_column_text][vc_empty_space][\/vc_column][vc_column width=&#8221;1\/3&#8243;][vc_single_image image=&#8221;11361&#8243; img_size=&#8221;full&#8221; alignment=&#8221;center&#8221;][vc_empty_space height=&#8221;16px&#8221;][vc_column_text]<\/p>\n<p style=\"text-align: center;\"><span style=\"color: #000000;\">LARA MAR\u00cdN<\/span><\/p>\n<p>[\/vc_column_text][vc_empty_space height=&#8221;16px&#8221;][vc_separator][vc_empty_space height=&#8221;16px&#8221;][\/vc_column][\/vc_row][vc_row css=&#8221;.vc_custom_1606811072834{margin-top: 50px !important;}&#8221; el_class=&#8221;centrarContenido&#8221;][vc_column width=&#8221;1\/3&#8243;][\/vc_column][vc_column width=&#8221;1\/3&#8243;][vc_single_image image=&#8221;11363&#8243; img_size=&#8221;full&#8221; alignment=&#8221;center&#8221;][vc_empty_space height=&#8221;16px&#8221;][vc_column_text]<\/p>\n<p style=\"text-align: center;\"><span style=\"color: #000000;\">JAVIER ABAJO YUNKA<\/span><\/p>\n<p>[\/vc_column_text][vc_empty_space height=&#8221;16px&#8221;][vc_separator][vc_empty_space height=&#8221;16px&#8221;][\/vc_column][vc_column width=&#8221;1\/3&#8243;][\/vc_column][\/vc_row][vc_row][vc_column][vc_column_text]<\/p>\n<p style=\"text-align: center;\"><a href=\"https:\/\/clinicanasser.es\/\" target=\"_blank\" rel=\"noopener\">Esperti nella salute.<\/a><\/p>\n<p>[\/vc_column_text][\/vc_column][\/vc_row]<\/p>\n","protected":false},"excerpt":{"rendered":"<p>[vc_row][vc_column][vc_column_text][\/vc_column_text][\/vc_column][\/vc_row][vc_row][vc_column][vc_column_text] Conoce al equipo [\/vc_column_text][rev_slider_vc alias=&#8221;equipo_it&#8221;][\/vc_column][\/vc_row][vc_row css=&#8221;.vc_custom_1623404073624{margin-top: 50px !important;}&#8221; el_class=&#8221;centrarContenido&#8221;][vc_column width=&#8221;1\/3&#8243;][vc_empty_space height=&#8221;16px&#8221;][vc_single_image image=&#8221;6463&#8243; img_size=&#8221;full&#8221; alignment=&#8221;center&#8221;][vc_empty_space height=&#8221;16px&#8221;][vc_column_text] DOTT. NASSER [\/vc_column_text][vc_empty_space height=&#8221;16px&#8221;][vc_separator][vc_empty_space height=&#8221;16px&#8221;][vc_column_text] Direttore sanitario Medico laureato in medicina generale e chirurgia Medico specializzato in anestesiologia, rianimazione e terapia del dolore Scuola di Medicina di Saragozza Collegiale n. 5.637 [\/vc_column_text][vc_empty_space][\/vc_column][vc_column width=&#8221;1\/3&#8243;][vc_empty_space height=&#8221;16px&#8221;][vc_single_image<\/p>\n","protected":false},"author":1,"featured_media":0,"parent":0,"menu_order":0,"comment_status":"closed","ping_status":"closed","template":"","meta":[],"translation":{"provider":"WPGlobus","version":"2.7.3","language":"it","enabled_languages":["es","en","ar","it"],"languages":{"es":{"title":true,"content":true,"excerpt":false},"en":{"title":false,"content":false,"excerpt":false},"ar":{"title":false,"content":false,"excerpt":false},"it":{"title":true,"content":true,"excerpt":false}}},"yoast_head":"<!-- This site is optimized with the Yoast SEO Premium plugin v16.2 - https:\/\/yoast.com\/wordpress\/plugins\/seo\/ -->\n<title>Conosci il team di Clinica Nasser | da 30 anni ci curiamo di te<\/title>\n<meta name=\"description\" content=\"Conosci il team di Clinica Nasser: 13 professionisti della medicina e della fisioterapia. Ci prendiamo cura dei nostri pazienti da 30 anni.\" \/>\n<meta name=\"robots\" content=\"index, follow, max-snippet:-1, max-image-preview:large, max-video-preview:-1\" \/>\n<link rel=\"canonical\" href=\"https:\/\/clinicanasser.es\/conoce-al-equipo\/\" \/>\n<meta property=\"og:locale\" content=\"it_IT\" \/>\n<meta property=\"og:type\" content=\"article\" \/>\n<meta property=\"og:title\" content=\"Conoce al equipo de Cl\u00ednica Nasser | M\u00e1s de 30 a\u00f1os cuidando de ti\" \/>\n<meta property=\"og:description\" content=\"Conosci il team di Clinica Nasser: 13 professionisti della medicina e della fisioterapia. Ci prendiamo cura dei nostri pazienti da 30 anni.\" \/>\n<meta property=\"og:url\" content=\"https:\/\/clinicanasser.es\/conoce-al-equipo\/\" \/>\n<meta property=\"og:site_name\" content=\"Clinica nasser. Tratamiento del dolor y rehabilitaci\u00f3n Zaragoza\" \/>\n<meta property=\"article:publisher\" content=\"https:\/\/www.facebook.com\/clinicanasserspain\/\" \/>\n<meta property=\"article:modified_time\" content=\"2025-10-24T10:24:37+00:00\" \/>\n<meta name=\"twitter:card\" content=\"summary_large_image\" \/>\n<meta name=\"twitter:label1\" content=\"Est. reading time\">\n\t<meta name=\"twitter:data1\" content=\"3 minutes\">\n<script type=\"application\/ld+json\" class=\"yoast-schema-graph\">{\"@context\":\"https:\/\/schema.org\",\"@graph\":[{\"@type\":\"Organization\",\"@id\":\"https:\/\/clinicanasser.es\/#organization\",\"name\":\"Cl\\u00ednica Nasser\",\"url\":\"https:\/\/clinicanasser.es\/\",\"sameAs\":[\"https:\/\/www.facebook.com\/clinicanasserspain\/\",\"https:\/\/www.instagram.com\/clinica_nasser\/\",\"https:\/\/www.youtube.com\/channel\/UCjOFF9Kh4GHV2vhZkZx4yog\"],\"logo\":{\"@type\":\"ImageObject\",\"@id\":\"https:\/\/clinicanasser.es\/#logo\",\"inLanguage\":\"it-IT\",\"url\":\"https:\/\/clinicanasser.es\/wp-content\/uploads\/2019\/01\/Favicon-Clinica-Nasser.png\",\"contentUrl\":\"https:\/\/clinicanasser.es\/wp-content\/uploads\/2019\/01\/Favicon-Clinica-Nasser.png\",\"width\":512,\"height\":512,\"caption\":\"Cl\\u00ednica Nasser\"},\"image\":{\"@id\":\"https:\/\/clinicanasser.es\/#logo\"}},{\"@type\":\"WebSite\",\"@id\":\"https:\/\/clinicanasser.es\/#website\",\"url\":\"https:\/\/clinicanasser.es\/\",\"name\":\"Clinica nasser. Tratamiento del dolor y rehabilitaci\\u00f3n Zaragoza\",\"description\":\"Cl\\u00ednica especializada en tratamiento del dolor, rehabilitaci\\u00f3n fisico - deportiva y preparaciones f\\u00edsicas. Cl\\u00ednica en Zaragoza\",\"publisher\":{\"@id\":\"https:\/\/clinicanasser.es\/#organization\"},\"potentialAction\":[{\"@type\":\"SearchAction\",\"target\":\"https:\/\/clinicanasser.es\/?s={search_term_string}\",\"query-input\":\"required name=search_term_string\"}],\"inLanguage\":\"it-IT\"},{\"@type\":\"WebPage\",\"@id\":\"https:\/\/clinicanasser.es\/conoce-al-equipo\/#webpage\",\"url\":\"https:\/\/clinicanasser.es\/conoce-al-equipo\/\",\"name\":\"Conoce al equipo de Cl\\u00ednica Nasser | M\\u00e1s de 30 a\\u00f1os cuidando de ti\",\"isPartOf\":{\"@id\":\"https:\/\/clinicanasser.es\/#website\"},\"datePublished\":\"2020-11-30T10:43:11+00:00\",\"dateModified\":\"2025-10-24T10:24:37+00:00\",\"description\":\"Conoce al equipo de Cl\\u00ednica Nasser: 13 profesionales de la medicina y la fisioterapia. Llevamos m\\u00e1s de 30 a\\u00f1os cuidando a nuestros pacientes.\",\"breadcrumb\":{\"@id\":\"https:\/\/clinicanasser.es\/conoce-al-equipo\/#breadcrumb\"},\"inLanguage\":\"it-IT\",\"potentialAction\":[{\"@type\":\"ReadAction\",\"target\":[\"https:\/\/clinicanasser.es\/conoce-al-equipo\/\"]}]},{\"@type\":\"BreadcrumbList\",\"@id\":\"https:\/\/clinicanasser.es\/conoce-al-equipo\/#breadcrumb\",\"itemListElement\":[{\"@type\":\"ListItem\",\"position\":1,\"item\":{\"@type\":\"WebPage\",\"@id\":\"https:\/\/clinicanasser.es\/\",\"url\":\"https:\/\/clinicanasser.es\/\",\"name\":\"Inicio\"}},{\"@type\":\"ListItem\",\"position\":2,\"item\":{\"@id\":\"https:\/\/clinicanasser.es\/conoce-al-equipo\/#webpage\"}}]}]}<\/script>\n<!-- \/ Yoast SEO Premium plugin. -->","_links":{"self":[{"href":"https:\/\/clinicanasser.es\/it\/wp-json\/wp\/v2\/pages\/6398"}],"collection":[{"href":"https:\/\/clinicanasser.es\/it\/wp-json\/wp\/v2\/pages"}],"about":[{"href":"https:\/\/clinicanasser.es\/it\/wp-json\/wp\/v2\/types\/page"}],"author":[{"embeddable":true,"href":"https:\/\/clinicanasser.es\/it\/wp-json\/wp\/v2\/users\/1"}],"replies":[{"embeddable":true,"href":"https:\/\/clinicanasser.es\/it\/wp-json\/wp\/v2\/comments?post=6398"}],"version-history":[{"count":151,"href":"https:\/\/clinicanasser.es\/it\/wp-json\/wp\/v2\/pages\/6398\/revisions"}],"predecessor-version":[{"id":11853,"href":"https:\/\/clinicanasser.es\/it\/wp-json\/wp\/v2\/pages\/6398\/revisions\/11853"}],"wp:attachment":[{"href":"https:\/\/clinicanasser.es\/it\/wp-json\/wp\/v2\/media?parent=6398"}],"curies":[{"name":"wp","href":"https:\/\/api.w.org\/{rel}","templated":true}]}}